{"id":52,"date":"2018-06-25T10:43:18","date_gmt":"2018-06-25T10:43:18","guid":{"rendered":"https:\/\/offensive-gewerkschaftspolitik.de\/?page_id=52"},"modified":"2018-12-11T09:49:02","modified_gmt":"2018-12-11T08:49:02","slug":"impressum","status":"publish","type":"page","link":"https:\/\/offensive-gewerkschaftspolitik.de\/index.php\/impressum\/","title":{"rendered":"Impressum"},"content":{"rendered":"<p>Angaben gem\u00e4\u00df \u00a7 5 TMG<\/p>\n<p>Offensive Gewerkschaftspolitik<br \/>\nWolfgang R\u00e4schke<br \/>\nTriftstra\u00dfe 5,<br \/>\n31863 Coppenbr\u00fcgge<\/p>\n<p><strong>Vertreten durch: <\/strong><br \/>\nWolfgang R\u00e4schke (Sprecher)<\/p>\n<p><strong>Kontakt:<\/strong><br \/>\nE-Mail: <a href=\"mailto:info@offensive-gewerkschaftspolitik.de\">info (at) offensive-gewerkschaftspolitik.de<\/a><\/p>\n<p><strong>Verantwortlich f\u00fcr den Inhalt nach \u00a7 55 Abs. 2 RStV:Offensive <\/strong>Gewerkschaftspolitik<strong><br \/>\n<\/strong>Wolfgang R\u00e4schke<strong><br \/>\n<\/strong>Triftstra\u00dfe 5, <strong><br \/>\n<\/strong>31863 Coppenbr\u00fcgge<\/p>\n<p><strong>Haftung f\u00fcr Links<\/strong><br \/>\nUnser Angebot enth\u00e4lt Links zu externen Webseiten Dritter, auf deren Inhalte wir keinen Einfluss haben. Deshalb k\u00f6nnen wir f\u00fcr diese fremden Inhalte auch keine Gew\u00e4hr \u00fcbernehmen. F\u00fcr die Inhalte der verlinkten Seiten ist stets der jeweilige Anbieter oder Betreiber der Seiten verantwortlich.<\/p>\n<p><strong>Datenschutz<\/strong><br \/>\n<a href=\"https:\/\/offensive-gewerkschaftspolitik.de\/datenschutz\/\">siehe Seite Datenschutz<\/a><\/p>\n<p><strong>Benutzerstatistik<\/strong><br \/>\n<a href=\"https:\/\/offensive-gewerkschaftspolitik\/datenschutz\/\">siehe Seite Datenschutz<\/a><\/p>\n","protected":false},"excerpt":{"rendered":"<p>Angaben gem\u00e4\u00df \u00a7 5 TMG Offensive Gewerkschaftspolitik Wolfgang R\u00e4schke Triftstra\u00dfe 5, 31863 Coppenbr\u00fcgge Vertreten durch: Wolfgang R\u00e4schke (Sprecher) Kontakt: E-Mail: info (at) offensive-gewerkschaftspolitik.de Verantwortlich f\u00fcr den Inhalt nach \u00a7 55 Abs. 2 RStV:Offensive Gewerkschaftspolitik Wolfgang R\u00e4schke Triftstra\u00dfe 5, 31863 Coppenbr\u00fcgge Haftung f\u00fcr Links Unser Angebot enth\u00e4lt Links zu externen Webseiten Dritter, auf deren Inhalte wir <a class=\"more-link\" href=\"https:\/\/offensive-gewerkschaftspolitik.de\/index.php\/impressum\/\">Weiterlesen &#8230;<\/a><\/p>\n","protected":false},"author":2,"featured_media":0,"parent":0,"menu_order":0,"comment_status":"closed","ping_status":"closed","template":"","meta":{"footnotes":""},"class_list":["post-52","page","type-page","status-publish","hentry"],"_links":{"self":[{"href":"https:\/\/offensive-gewerkschaftspolitik.de\/index.php\/wp-json\/wp\/v2\/pages\/52","targetHints":{"allow":["GET"]}}],"collection":[{"href":"https:\/\/offensive-gewerkschaftspolitik.de\/index.php\/wp-json\/wp\/v2\/pages"}],"about":[{"href":"https:\/\/offensive-gewerkschaftspolitik.de\/index.php\/wp-json\/wp\/v2\/types\/page"}],"author":[{"embeddable":true,"href":"https:\/\/offensive-gewerkschaftspolitik.de\/index.php\/wp-json\/wp\/v2\/users\/2"}],"replies":[{"embeddable":true,"href":"https:\/\/offensive-gewerkschaftspolitik.de\/index.php\/wp-json\/wp\/v2\/comments?post=52"}],"version-history":[{"count":5,"href":"https:\/\/offensive-gewerkschaftspolitik.de\/index.php\/wp-json\/wp\/v2\/pages\/52\/revisions"}],"predecessor-version":[{"id":177,"href":"https:\/\/offensive-gewerkschaftspolitik.de\/index.php\/wp-json\/wp\/v2\/pages\/52\/revisions\/177"}],"wp:attachment":[{"href":"https:\/\/offensive-gewerkschaftspolitik.de\/index.php\/wp-json\/wp\/v2\/media?parent=52"}],"curies":[{"name":"wp","href":"https:\/\/api.w.org\/{rel}","templated":true}]}}